{"id":146,"date":"2019-05-27T16:39:25","date_gmt":"2019-05-27T14:39:25","guid":{"rendered":"http:\/\/mairie-soisybouy.fr\/?page_id=146"},"modified":"2019-06-26T17:24:31","modified_gmt":"2019-06-26T15:24:31","slug":"demarches-administratives","status":"publish","type":"page","link":"https:\/\/www.mairie-soisybouy.fr\/index.php\/demarches-administratives\/","title":{"rendered":"D\u00e9marches administratives"},"content":{"rendered":"<div id=\"ppu1874\" class=\"clearfix grpelem\">\n<div id=\"ppu83852-6\" class=\"clearfix colelem\">\n<div id=\"pu19034-12\" class=\"clearfix grpelem\">\n<div id=\"u25011-4\" class=\"Txt-h1 clearfix colelem\" data-muse-uid=\"U25011\" data-muse-type=\"txt_frame\" data-ibe-flags=\"txtStyleSrc\">\n<h1 style=\"text-align: justify;\">PI\u00c8CES D&rsquo;IDENTIT\u00c9<\/h1>\n<\/div>\n<div id=\"pu25012-51\" class=\"clearfix colelem\" style=\"text-align: justify;\">\n<div id=\"u25012-51\" class=\"clearfix grpelem\" data-muse-uid=\"U25012\" data-muse-type=\"txt_frame\" data-ibe-flags=\"txtStyleSrc\">\n<h1 id=\"u25012-2\" class=\"Txt-h2\"><strong>CARTE NATIONALE D&rsquo;IDENTIT\u00c9 S\u00c9CURIS\u00c9E<\/strong><\/h1>\n<p><strong>O\u00f9 : Mairie de Provins<\/strong><\/p>\n<p><strong>Prendre rendez-vous aupr\u00e8s du service \u00e9tat civil au 01.64.60.38.21<\/strong><\/p>\n<ul id=\"u25012-13\" class=\"list0 nls-None\">\n<li class=\"Txt\">Copie recto\/verso de la carte d\u2019identit\u00e9<\/li>\n<li id=\"u25012-6\" class=\"Txt\">2 photos d\u2019identit\u00e9 couleur fond clair non d\u00e9coup\u00e9es<\/li>\n<li id=\"u25012-8\" class=\"Txt\">Copie d\u2019un justificatif de domicile de moins de 3 mois avec nom et pr\u00e9nom<\/li>\n<li id=\"u25012-10\" class=\"Txt\">Si la carte est p\u00e9rim\u00e9e ou perdue : acte int\u00e9gral de naissance de moins de 3 mois<\/li>\n<li id=\"u25012-12\" class=\"Txt\">Femme mari\u00e9e : copie de la page de mariage du livret de famille<\/li>\n<\/ul>\n<p class=\"Txt\"><span id=\"u25012-14\">Pour les mineurs<\/span>\u00a0\u2013 pr\u00e9sence obligatoire d\u2019un parent :<\/p>\n<ul id=\"u25012-31\" class=\"list0 nls-None\">\n<li id=\"u25012-18\" class=\"Txt\">2 photos d\u2019identit\u00e9 couleur fond clair non d\u00e9coup\u00e9es<\/li>\n<li id=\"u25012-20\" class=\"Txt\">Copie de la pi\u00e8ce d\u2019identit\u00e9 du parent pr\u00e9sent<\/li>\n<li id=\"u25012-22\" class=\"Txt\">Acte int\u00e9gral de naissance ou copie de la carte d\u2019identit\u00e9 de l\u2019enfant s\u2019il en poss\u00e8de une<\/li>\n<li id=\"u25012-24\" class=\"Txt\">Copie du livret de famille<\/li>\n<li id=\"u25012-26\" class=\"Txt\">\u00a0Copie d\u2019un justificatif de domicile des parents de moins de 3 mois<\/li>\n<li id=\"u25012-28\" class=\"Txt\">Parents divorc\u00e9s : copie du jugement<\/li>\n<li id=\"u25012-30\" class=\"Txt\">Parents s\u00e9par\u00e9s : copie du jugement du juge aux affaires familiales.<\/li>\n<\/ul>\n<p id=\"u25012-34\" class=\"Txt\"><span id=\"u25012-32\">Pour les personnes n\u00e9es \u00e0 l\u2019\u00e9tranger<\/span>\u00a0ou de parents \u00e9trangers : justificatif de nationalit\u00e9 fran\u00e7aise.<\/p>\n<p id=\"u25012-37\" class=\"Txt\"><span id=\"u25012-35\">En cas de perte<\/span>, fournir 25 \u20ac de timbres fiscaux + d\u00e9claration de perte \u00e9tablie par la mairie du domicile lors de l\u2019\u00e9tablissement du nouveau dossier + copie d\u2019un permis de conduire ou de chasse ou du passeport (si vous ne poss\u00e9dez aucun de ces documents, fournir une attestation \u00e9crite par vos soins pr\u00e9cisant que vous n\u2019en avez pas)<\/p>\n<p id=\"u25012-40\" class=\"Txt\"><span id=\"u25012-38\">En cas de vol<\/span>, faire la d\u00e9claration au commissariat de police ou \u00e0 la gendarmerie + 25 \u20ac de timbres fiscaux<\/p>\n<p class=\"Txt\">Si les justificatifs ne sont pas au nom du demandeur :<\/p>\n<ul id=\"u25012-49\" class=\"list0 nls-None\">\n<li id=\"u25012-44\" class=\"Txt\">Attestation de l\u2019h\u00e9bergeant<\/li>\n<li id=\"u25012-46\" class=\"Txt\">Copie de sa carte d\u2019identit\u00e9<\/li>\n<li id=\"u25012-48\" class=\"Txt\">Photocopie de son justificatif de domicile (idem pour les majeurs logeant encore chez leurs parents)<\/li>\n<\/ul>\n<\/div>\n<div id=\"u25014-57\" class=\"clearfix grpelem\" data-muse-uid=\"U25014\" data-muse-type=\"txt_frame\" data-ibe-flags=\"txtStyleSrc\">\n<h1 id=\"u25014-2\" class=\"Txt-h2\">PASSEPORT<\/h1>\n<p><strong>O\u00f9 : Mairie de Provins<\/strong><\/p>\n<p id=\"u25014-5\" class=\"Txt\"><strong><span id=\"u25014-3\">Uniquement sur rendez-vous<\/span>. Pendre contact avec le service passeport au 01.64.60.38.21<\/strong><\/p>\n<p class=\"Txt\"><span id=\"u25014-6\">Personne majeure<\/span>\u00a0:<\/p>\n<ul id=\"u25014-19\" class=\"list0 nls-None\">\n<li id=\"u25014-10\" class=\"Txt\">2 photos d\u2019identit\u00e9 couleur (3,5 x 4,5 cm)<\/li>\n<li id=\"u25014-12\" class=\"Txt\">Acte int\u00e9gral de naissance ou copie de la carte d\u2019identit\u00e9 nationale ou du pr\u00e9c\u00e9dent passeport<\/li>\n<li id=\"u25014-14\" class=\"Txt\">Preuve de nationalit\u00e9 fran\u00e7aise pour les personnes n\u00e9es \u00e0 l\u2019\u00e9tranger ou de parents \u00e9trangers<\/li>\n<li id=\"u25014-16\" class=\"Txt\">Justificatif de domicile r\u00e9cent avec nom et pr\u00e9nom<\/li>\n<li id=\"u25014-18\" class=\"Txt\">86 \u20ac de timbres fiscaux<\/li>\n<\/ul>\n<p class=\"Txt\"><span id=\"u25014-20\">Personne mineure<\/span>\u00a0(la pr\u00e9sence de l&rsquo;enfant est obligatoire \u00e0 partir de 12 ans) :<\/p>\n<ul id=\"u25014-31\" class=\"list0 nls-None\">\n<li id=\"u25014-24\" class=\"Txt\">Fournir les m\u00eames documents que pour une personne majeure (cf. ci-dessus)<\/li>\n<li id=\"u25014-26\" class=\"Txt\">Timbre fiscal de 17 \u20ac pour les enfants de moins de 15 ans et 42 \u20ac pour les 15\/18 ans<\/li>\n<li id=\"u25014-28\" class=\"Txt\">Copie du livret de famille<\/li>\n<li id=\"u25014-30\" class=\"Txt\">Copie d\u2019une pi\u00e8ce d\u2019identit\u00e9 du repr\u00e9sentant l\u00e9gal et de l\u2019enfant s\u2019il en poss\u00e8de une.<\/li>\n<\/ul>\n<p class=\"Txt\"><span id=\"u25014-32\">Renouvellement<\/span>\u00a0:<\/p>\n<ul id=\"u25014-37\" class=\"list0 nls-None\">\n<li id=\"u25014-36\" class=\"Txt\">Copie du pr\u00e9c\u00e9dent passeport<\/li>\n<\/ul>\n<p class=\"Txt\"><span id=\"u25014-38\">Ressortissants \u00e9trangers<\/span>\u00a0:<\/p>\n<ul id=\"u25014-49\" class=\"list0 nls-None\">\n<li id=\"u25014-42\" class=\"Txt\">Carte de s\u00e9jour<\/li>\n<li id=\"u25014-44\" class=\"Txt\">R\u00e9c\u00e9piss\u00e9 provisoire<\/li>\n<li id=\"u25014-46\" class=\"Txt\">Carte de travail,<\/li>\n<li id=\"u25014-48\" class=\"Txt\">Demande de naturalisation<\/li>\n<\/ul>\n<p id=\"u25014-52\" class=\"Txt\"><span id=\"u25014-50\">En cas de vol<\/span>, faire la d\u00e9claration au commissariat de police ou \u00e0 la gendarmerie<\/p>\n<p id=\"u25014-55\" class=\"Txt\"><span id=\"u25014-53\">En cas de perte<\/span>, faire une d\u00e9claration de perte \u00e0 remplir en mairie lors de l\u2019\u00e9tablissement de la nouvelle demande.<\/p>\n<\/div>\n<\/div>\n<div id=\"u25013-4\" class=\"rounded-corners clearfix colelem\" style=\"text-align: justify;\" data-muse-uid=\"U25013\" data-muse-type=\"txt_frame\" data-ibe-flags=\"txtStyleSrc\">\n<p id=\"u25013-2\" class=\"Txt\">Merci de fournir les photocopies des documents demand\u00e9s ainsi que les originaux.<\/p>\n<p>&nbsp;<\/p>\n<\/div>\n<div id=\"pu25005-4\" class=\"clearfix colelem\" style=\"text-align: justify;\">\n<div id=\"u25005-4\" class=\"Txt-h1 clearfix grpelem\" data-muse-uid=\"U25005\" data-muse-type=\"txt_frame\" data-ibe-flags=\"txtStyleSrc\">\n<h1>CARTE GRISE<\/h1>\n<\/div>\n<div id=\"u24957-4\" class=\"Txt-h1 clearfix grpelem\" data-muse-uid=\"U24957\" data-muse-type=\"txt_frame\" data-ibe-flags=\"txtStyleSrc\">\n<h1>PERMIS DE CONDUIRE<\/h1>\n<p><strong>Pr\u00e9fecture de Melun : <\/strong><\/p>\n<p><strong>12, rue des Saints-P\u00e8res<\/strong><br \/>\n<strong>77000 Melun<\/strong><\/p>\n<p><strong>T\u00e9l\u00e9phone : 01.64.71.77.77<\/strong><\/p>\n<p><strong>En ligne : <span style=\"color: #7aa200;\"><a style=\"color: #7aa200;\" href=\"mailto:prefecture@seine-et-marne.gouv.fr\">prefecture@seine-et-marne.gouv.fr<\/a><\/span><\/strong><\/p>\n<div class=\"chapter-content\">\n<p><strong>Site web :\u00a0<span style=\"color: #7aa200;\"><a style=\"color: #7aa200;\" href=\"http:\/\/www.seine-et-marne.gouv.fr\/\" target=\"_blank\" rel=\"external noopener noreferrer\">http:\/\/www.seine-et-marne.gouv.fr<\/a><\/span><\/strong><\/p>\n<\/div>\n<\/div>\n<\/div>\n<\/div>\n<\/div>\n<div id=\"pu25008-18\" class=\"clearfix colelem\" style=\"text-align: justify;\">\n<div id=\"u25008-18\" class=\"clearfix grpelem\" data-muse-uid=\"U25008\" data-muse-type=\"txt_frame\" data-ibe-flags=\"txtStyleSrc\">\n<p class=\"Txt\">Contacter la pr\u00e9fecture pour formalit\u00e9s et pi\u00e8ces n\u00e9cessaires (fournir en plus, un imprim\u00e9 de non-gage \u00e0 retirer en Sous-Pr\u00e9fecture. Depuis le 3 mai 2004, le changement de domicile sur les cartes grises s\u2019effectue uniquement par proc\u00e9dure postale.<\/p>\n<p id=\"u25008-4\" class=\"Txt\">Envoyer \u00e0 la Pr\u00e9fecture :<\/p>\n<ul id=\"u25008-13\" class=\"list0 nls-None\">\n<li id=\"u25008-6\" class=\"Txt\">une demande de changement de domicile sur document \u201cCERFA\u201d ou sur papier libre,<\/li>\n<li id=\"u25008-8\" class=\"Txt\">la carte grise originale barr\u00e9e avec la mention \u201cchangement de domicile\u201d,<\/li>\n<li id=\"u25008-10\" class=\"Txt\">la copie d\u2019une pi\u00e8ce d\u2019identit\u00e9 lisible,<\/li>\n<li id=\"u25008-12\" class=\"Txt\">une enveloppe affranchie \u00e0 la nouvelle adresse.<\/li>\n<\/ul>\n<p class=\"Txt\"><span id=\"u25008-14\">En cas de perte<\/span>\u00a0de la carte grise, faire la d\u00e9claration aupr\u00e8s du commissariat de police.<\/p>\n<\/div>\n<div id=\"u24960-8\" class=\"clearfix grpelem\" data-muse-uid=\"U24960\" data-muse-type=\"txt_frame\" data-ibe-flags=\"txtStyleSrc\">\n<p id=\"u24960-2\" class=\"Txt\">Retirer formulaire et liste des pi\u00e8ces \u00e0 fournir en Pr\u00e9fecture.<\/p>\n<p class=\"Txt\">Renouvellement du permis poids lourd et transport en commun: imprim\u00e9 \u00e0 retirer en Pr\u00e9fecture avec enveloppe affranchie \u00e0 l&rsquo;adresse du candidat.<\/p>\n<p class=\"Txt\">En cas de perte ou de vol du permis de conduire, faire la d\u00e9claration aupr\u00e8s du commissariat de police.<\/p>\n<p>&nbsp;<\/p>\n<\/div>\n<\/div>\n<div id=\"u24990-4\" class=\"Txt-h1 clearfix colelem\" style=\"text-align: justify;\" data-muse-uid=\"U24990\" data-muse-type=\"txt_frame\" data-ibe-flags=\"txtStyleSrc\">\n<h1>\u00c9TAT CIVIL :<\/h1>\n<\/div>\n<div id=\"pu24987-54\" class=\"clearfix colelem\" style=\"text-align: justify;\">\n<div id=\"u24987-54\" class=\"clearfix grpelem\" data-muse-uid=\"U24987\" data-muse-type=\"txt_frame\" data-ibe-flags=\"txtStyleSrc\">\n<h1 id=\"u24987-6\" class=\"Txt-h2\">RECONNAISSANCE AVANT LA NAISSANCE<\/h1>\n<p class=\"Txt\">Fournir les pi\u00e8ces d&rsquo;identit\u00e9 des d\u00e9clarants.<\/p>\n<h1 id=\"u24987-10\" class=\"Txt-h2\">EXTRAIT D\u2019ACTE DE NAISSANCE<\/h1>\n<p class=\"Txt\">A la mairie du lieu de naissance : indiquer nom, pr\u00e9noms, date de naissance, nom et pr\u00e9nom usuel des parents.<\/p>\n<p class=\"Txt\">Par internet sur le site\u00a0<span style=\"color: #7aa228;\"><a class=\"nonblock\" style=\"color: #7aa228;\" href=\"https:\/\/mdel.mon.service-public.fr\/acte-etat-civil.html\" target=\"_blank\" rel=\"noopener noreferrer\">mon.service-public.fr<\/a><\/span><\/p>\n<p class=\"Txt\">Fran\u00e7ais n\u00e9s \u00e0 l\u2019\u00e9tranger : s\u2019adresser au Service central Etat civil (44941 Nantes cedex 2) indiquer date et lieu de naissance, nom patronymique, pr\u00e9nom (joindre enveloppe timbr\u00e9e).<\/p>\n<p class=\"Txt\">Par internet sur le site<span style=\"color: #7aa228;\">\u00a0<a class=\"nonblock\" style=\"color: #7aa228;\" href=\"https:\/\/pastel.diplomatie.gouv.fr\/dali\/index2.html\" target=\"_blank\" rel=\"noopener noreferrer\">diplomatie.gouv.fr<\/a><\/span><\/p>\n<h1 id=\"u24987-30\" class=\"Txt-h2\" style=\"text-align: left;\">MARIAGE &amp; PACS (DEMANDE DE C\u00c9L\u00c9BRATION)<\/h1>\n<p class=\"Txt\">Mairie du lieu du domicile ou de r\u00e9sidence.<\/p>\n<h1 id=\"u24987-34\" class=\"Txt-h2\">EXTRAIT D\u2019ACTE DE MARIAGE<\/h1>\n<p class=\"Txt\">Mairie du lieu de mariage : fournir nom, pr\u00e9nom, date du mariage, nom et pr\u00e9nom usuel des parents et une enveloppe timbr\u00e9e.<\/p>\n<p class=\"Txt\">Par internet sur le site\u00a0<strong><span style=\"color: #7aa228;\"><a class=\"nonblock\" style=\"color: #7aa228;\" href=\"https:\/\/mdel.mon.service-public.fr\/acte-etat-civil.html\" target=\"_blank\" rel=\"noopener noreferrer\">mon.service-public.fr<\/a><\/span><\/strong><\/p>\n<p class=\"Txt\">Pour les Fran\u00e7ais mari\u00e9s \u00e0 l\u2019\u00e9tranger : s\u2019adresser au Service central Etat civil (44941 Nantes cedex 2) indiquer nom, pr\u00e9nom, date et lieu du mariage.<\/p>\n<p class=\"Txt\">Par internet sur le site\u00a0<span style=\"color: #7aa200;\"><strong><a class=\"nonblock\" style=\"color: #7aa200;\" href=\"https:\/\/pastel.diplomatie.gouv.fr\/dali\/index2.html\" target=\"_blank\" rel=\"noopener noreferrer\">diplomatie.gouv.fr<\/a><\/strong><\/span><\/p>\n<h1 id=\"u24987-50\" class=\"Txt-h2\">CERTIFICAT D\u2019UNION LIBRE<\/h1>\n<p class=\"Txt\">Pi\u00e8ce d&rsquo;identit\u00e9, justificatif du domicile, deux t\u00e9moins majeurs hors famille.<\/p>\n<p>&nbsp;<\/p>\n<\/div>\n<div id=\"u25044-44\" class=\"clearfix grpelem\" data-muse-uid=\"U25044\" data-muse-type=\"txt_frame\" data-ibe-flags=\"txtStyleSrc\">\n<h1 id=\"u25044-2\" class=\"Txt-h2\">D\u00c9CLARATION DE D\u00c9C\u00c8S<\/h1>\n<p class=\"Txt\">A la mairie du lieu du d\u00e9c\u00e8s dans les 24h qui suivent le d\u00e9c\u00e8s.<\/p>\n<p id=\"u25044-6\" class=\"Txt\">Fournir :<\/p>\n<ul id=\"u25044-11\" class=\"list0 nls-None\">\n<li id=\"u25044-8\" class=\"Txt\">livret de famille ou extrait d&rsquo;acte de naissance,<\/li>\n<li id=\"u25044-10\" class=\"Txt\">certificat de d\u00e9c\u00e8s d\u00e9livr\u00e9 par le m\u00e9decin.<\/li>\n<\/ul>\n<h1 id=\"u25044-13\" class=\"Txt-h2\">EXTRAIT D\u2019ACTE DE D\u00c9C\u00c8S<\/h1>\n<p class=\"Txt\">A la mairie du lieu de d\u00e9c\u00e8s ou du dernier domicile connu : indiquer date du d\u00e9c\u00e8s, nom et pr\u00e9noms. Fournir une enveloppe timbr\u00e9e.<\/p>\n<p class=\"Txt\">Par internet sur le site\u00a0<strong><span style=\"color: #7aa228;\"><a class=\"nonblock\" style=\"color: #7aa228;\" href=\"https:\/\/mdel.mon.service-public.fr\/acte-etat-civil.html\" target=\"_blank\" rel=\"noopener noreferrer\">mon.service-public.fr<\/a><\/span><\/strong><\/p>\n<h1 id=\"u25044-28\" class=\"Txt-h2\">LIVRET DE FAMILLE DUPLICATA<\/h1>\n<p class=\"Txt\">A la mairie du lieu de mariage ou du domicile. Fournir \u00e9tat civil du conjoint et des enfants.<\/p>\n<h1 id=\"u25044-36\" class=\"Txt-h2\">L\u00c9GALISATION DE SIGNATURE (NOTAIRE)<\/h1>\n<p class=\"Txt\">A la mairie du lieu du domicile &#8211; Fournir la pi\u00e8ce d&rsquo;identit\u00e9.<\/p>\n<h1 id=\"u25044-40\" class=\"Txt-h2\">CERTIFICAT DE DOMICILE, DE R\u00c9SIDENCE ET DE NON-S\u00c9PARATION DE CORPS<\/h1>\n<p class=\"Txt\">A la mairie du lieu du domicile &#8211; Attestation sur l\u2019honneur (imprim\u00e9s \u00e0 remplir et \u00e0 signer par l&rsquo;int\u00e9ress\u00e9).<\/p>\n<p>&nbsp;<\/p>\n<\/div>\n<\/div>\n<div id=\"ppu25047-4\" class=\"clearfix colelem\" style=\"text-align: justify;\">\n<div id=\"pu25047-4\" class=\"clearfix grpelem\">\n<div id=\"u25047-4\" class=\"Txt-h1 clearfix colelem\" data-muse-uid=\"U25047\" data-muse-type=\"txt_frame\" data-ibe-flags=\"txtStyleSrc\">\n<h1>AFFAIRES MILITAIRES<\/h1>\n<\/div>\n<div id=\"u25050-27\" class=\"clearfix colelem\" data-muse-uid=\"U25050\" data-muse-type=\"txt_frame\" data-ibe-flags=\"txtStyleSrc\">\n<h1 id=\"u25050-2\" class=\"Txt-h2\">RECENSEMENT MILITAIRE<\/h1>\n<p class=\"Txt\">Se faire recenser \u00e0 la mairie du lieu du domicile d\u00e8s l\u2019\u00e2ge de 16 ans dans le mois de naissance, gar\u00e7ons et filles.<\/p>\n<p id=\"u25050-6\" class=\"Txt\">Fournir :<\/p>\n<ul id=\"u25050-13\" class=\"list0 nls-None\">\n<li id=\"u25050-8\" class=\"Txt\">pi\u00e8ce d&rsquo;identit\u00e9 attestant de la nationalit\u00e9 fran\u00e7aise (carte d\u2019identit\u00e9 ou certificat de nationalit\u00e9 fran\u00e7aise),<\/li>\n<li id=\"u25050-10\" class=\"Txt\">livret de famille,<\/li>\n<li id=\"u25050-12\" class=\"Txt\">justificatif de domicile (-3mois).<\/li>\n<\/ul>\n<\/div>\n<div id=\"u25071\" class=\"clearfix colelem\">\n<div id=\"u25053-4\" class=\"Txt-h1 clearfix colelem\" data-muse-uid=\"U25053\" data-muse-type=\"txt_frame\" data-ibe-flags=\"txtStyleSrc\">\n<h1>ALLOCATION LOGEMENT, ALLOCATION PERSONNALIS\u00c9E<\/h1>\n<\/div>\n<div id=\"u25056-4\" class=\"clearfix colelem\" data-muse-uid=\"U25056\" data-muse-type=\"txt_frame\" data-ibe-flags=\"txtStyleSrc\">\n<p class=\"Txt\">En fonction des ressources et de la situation familiale, adresser une demande par \u00e9crit \u00e0 la Caisse d\u2019Allocations Familiales (77024 Melun cedex) ou retirer le dossier aupr\u00e8s de la permanence CAF, 4, rue du G\u00e9n\u00e9ral Delort, du lundi au vendredi de 14 h \u00e0 16 h 30.<\/p>\n<p>&nbsp;<\/p>\n<\/div>\n<\/div>\n<div id=\"u25074\" class=\"clearfix colelem\">\n<div id=\"u25059-6\" class=\"Txt-h1 clearfix colelem\" data-muse-uid=\"U25059\" data-muse-type=\"txt_frame\" data-ibe-flags=\"txtStyleSrc\">\n<h1>AIDE PERSONNALIS\u00c9E \u00c0 L\u2019AUTONOMIE (APA)<\/h1>\n<\/div>\n<div id=\"u25062-4\" class=\"clearfix colelem\" data-muse-uid=\"U25062\" data-muse-type=\"txt_frame\" data-ibe-flags=\"txtStyleSrc\">\n<p class=\"Txt\">Dossier \u00e0 retirer aupr\u00e8s du CCAS de votre commune.<\/p>\n<p>&nbsp;<\/p>\n<\/div>\n<\/div>\n<div id=\"u25065-6\" class=\"Txt-h1 clearfix colelem\" data-muse-uid=\"U25065\" data-muse-type=\"txt_frame\" data-ibe-flags=\"txtStyleSrc\">\n<h1>AIDE SOCIALE SECOURS AUX FAMILLES<\/h1>\n<\/div>\n<\/div>\n<div id=\"pu25023\" class=\"clearfix grpelem\">\n<div id=\"u25023\" class=\"clearfix colelem\">\n<div id=\"u24999-8\" class=\"Txt-h1 clearfix colelem\" data-muse-uid=\"U24999\" data-muse-type=\"txt_frame\" data-ibe-flags=\"txtStyleSrc\">\n<h1>CARTE D\u2019INVALIDIT\u00c9, ALLOCATION ADULTE HANDICAP\u00c9, RECLASSEMENT PROFESSIONNEL, CARTE D&rsquo;INVALIDIT\u00c9 MINEURE<\/h1>\n<\/div>\n<div id=\"u25002-8\" class=\"clearfix colelem\" data-muse-uid=\"U25002\" data-muse-type=\"txt_frame\" data-ibe-flags=\"txtStyleSrc\">\n<p class=\"Txt\">Prestation de compensation du handicap (ex-allocation compensatrice tierce personne).<\/p>\n<p class=\"Txt\">Maison D\u00e9partementale des Personnes Handicap\u00e9es<br \/>\nT\u00e9l. : 08 00 14 77 77<\/p>\n<\/div>\n<\/div>\n<div id=\"u25026\" class=\"clearfix colelem\">\n<div id=\"u24993-7\" class=\"Txt-h1 clearfix colelem\" data-muse-uid=\"U24993\" data-muse-type=\"txt_frame\" data-ibe-flags=\"txtStyleSrc\">\n<h1 id=\"u24993-5\"><span id=\"u24993\">CMU <\/span><span id=\"u24993-3\">ET CMUC\u00a0<\/span><span id=\"u24993-4\">(COMPL\u00c9MENTAIRE)<\/span><\/h1>\n<\/div>\n<div id=\"u24996-6\" class=\"clearfix colelem\" data-muse-uid=\"U24996\" data-muse-type=\"txt_frame\" data-ibe-flags=\"txtStyleSrc\">\n<p class=\"Txt\">S\u2019adresser \u00e0 la Caisse primaire d\u2019assurances maladie<br \/>\n4, rue du G\u00e9n\u00e9ral Delort \u2013 Provins<\/p>\n<\/div>\n<\/div>\n<div id=\"u25029\" class=\"clearfix colelem\">\n<div id=\"u24981-4\" class=\"Txt-h1 clearfix colelem\" data-muse-uid=\"U24981\" data-muse-type=\"txt_frame\" data-ibe-flags=\"txtStyleSrc\">\n<h1>EXTRAIT DE CASIER JUDICIAIRE<\/h1>\n<\/div>\n<div id=\"u24984-10\" class=\"clearfix colelem\" data-muse-uid=\"U24984\" data-muse-type=\"txt_frame\" data-ibe-flags=\"txtStyleSrc\">\n<p class=\"Txt\">Casier judiciaire<br \/>\n107, rue de Landreau<br \/>\n44300 Nantes cedex`<\/p>\n<p class=\"Txt\">Faire un courrier avec photocopie d\u2019une pi\u00e8ce d\u2019identit\u00e9.<\/p>\n<\/div>\n<\/div>\n<div id=\"u25032\" class=\"clearfix colelem\">\n<div id=\"u24975-4\" class=\"Txt-h1 clearfix colelem\" data-muse-uid=\"U24975\" data-muse-type=\"txt_frame\" data-ibe-flags=\"txtStyleSrc\">\n<h1>M\u00c9DAILLE DE LA FAMILLE FRAN\u00c7AISE<\/h1>\n<\/div>\n<div id=\"u24978-10\" class=\"clearfix colelem\" data-muse-uid=\"U24978\" data-muse-type=\"txt_frame\" data-ibe-flags=\"txtStyleSrc\">\n<p class=\"Txt\">M<span class=\"superscript\">me<\/span>\u00a0Marie-Th\u00e9r\u00e8se Parisot<br \/>\nMembre de l\u2019UDAF<br \/>\nT\u00e9l. : 01 64 00 28 33<\/p>\n<\/div>\n<\/div>\n<div id=\"u25041\" class=\"clearfix colelem\">\n<div id=\"u24972-4\" class=\"Txt-h1 clearfix colelem\" data-muse-uid=\"U24972\" data-muse-type=\"txt_frame\" data-ibe-flags=\"txtStyleSrc\">\n<h1>M\u00c9DAILLE DU TRAVAIL<\/h1>\n<\/div>\n<div id=\"u24969-11\" class=\"clearfix colelem\" data-muse-uid=\"U24969\" data-muse-type=\"txt_frame\" data-ibe-flags=\"txtStyleSrc\">\n<p id=\"u24969-2\" class=\"Txt\">\u00c0 demander en sous-pr\u00e9fecture par le dernier employeur.<\/p>\n<p class=\"Txt\">Fournir :<\/p>\n<ul id=\"u24969-9\" class=\"list0 nls-None\">\n<li id=\"u24969-6\" class=\"Txt\">Certificats des trois derniers employeurs<\/li>\n<li id=\"u24969-8\" class=\"Txt\">Photocopie du livret militaire<\/li>\n<\/ul>\n<\/div>\n<\/div>\n<\/div>\n<\/div>\n<div id=\"ppu25068-4\" class=\"clearfix colelem\">\n<div id=\"pu25068-4\" class=\"clearfix grpelem\" style=\"text-align: justify;\">\n<div id=\"u25068-4\" class=\"clearfix colelem\" data-muse-uid=\"U25068\" data-muse-type=\"txt_frame\" data-ibe-flags=\"txtStyleSrc\">\n<p class=\"Txt\">D\u00e9marches relatives \u00e0 l\u2019aide sociale aux familles et protection de l\u2019enfance : DGA solidarit\u00e9 (UAS), 11, rue de Changis \u00e0 Provins. D\u00e9marches relatives aux demandes de secours et certaines formalit\u00e9s d\u2019aide sociale : CCAS de votre commune.<\/p>\n<\/div>\n<div id=\"u25101\" class=\"clearfix colelem\">\n<div id=\"u25080-6\" class=\"Txt-h1 clearfix colelem\" data-muse-uid=\"U25080\" data-muse-type=\"txt_frame\" data-ibe-flags=\"txtStyleSrc\">\n<h1>AUTORISATION DE SORTIE DE TERRITOIRE<\/h1>\n<\/div>\n<div id=\"u25083-13\" class=\"clearfix colelem\" data-muse-uid=\"U25083\" data-muse-type=\"txt_frame\" data-ibe-flags=\"txtStyleSrc\">\n<ul id=\"u25083-11\" class=\"list0 nls-None\">\n<li class=\"Txt\">\u00a0photocopie de la carte d\u2019identit\u00e9 de l\u2019enfant et d\u2019un des parents<\/li>\n<li id=\"u25083-4\" class=\"Txt\">\u00a0livret de famille des parents<\/li>\n<li id=\"u25083-6\" class=\"Txt\">\u00a0copie d\u2019un justificatif de domicile de moins de 3 mois avec nom et pr\u00e9nom<\/li>\n<li id=\"u25083-8\" class=\"Txt\">\u00a0en cas de s\u00e9paration de corps ou de filiation naturelle, la photocopie du justificatif de l\u2019autorit\u00e9 parentale<\/li>\n<li id=\"u25083-10\" class=\"Txt\">\u00a0en cas de divorce la copie du jugement de divorce et pr\u00e9senter les originaux.<\/li>\n<\/ul>\n<\/div>\n<\/div>\n<div id=\"u25095\" class=\"clearfix colelem\">\n<div id=\"u25086-4\" class=\"Txt-h1 clearfix colelem\" data-muse-uid=\"U25086\" data-muse-type=\"txt_frame\" data-ibe-flags=\"txtStyleSrc\">\n<h1>CARTE AM\u00c9THYSTES ET RUBIS<\/h1>\n<\/div>\n<div id=\"u25089-4\" class=\"clearfix colelem\" data-muse-uid=\"U25089\" data-muse-type=\"txt_frame\" data-ibe-flags=\"txtStyleSrc\">\n<p class=\"Txt\">Instruction du dossier aupr\u00e8s du CCAS de votre commune.<\/p>\n<\/div>\n<\/div>\n<\/div>\n<div id=\"pu25038\" class=\"clearfix grpelem\">\n<div id=\"u25098\" class=\"clearfix colelem\">\n<div id=\"u24939-4\" class=\"Txt-h1 clearfix colelem\" style=\"text-align: justify;\" data-muse-uid=\"U24939\" data-muse-type=\"txt_frame\" data-ibe-flags=\"txtStyleSrc\">\n<h1>URBANISME<\/h1>\n<h4>D\u00c9CLARATION PR\u00c9ALABLE DE TRAVAUX (DP)<\/h4>\n<p>Vous r\u00e9alisez des travaux sur une maison individuelle et en modifiez l&rsquo;aspect ext\u00e9rieur (cl\u00f4tures, ravalement de fa\u00e7ade, changement des boiseries). Avant de commencer vos travaux, vous devez d\u00e9poser une d\u00e9claration pr\u00e9alable de travaux \u00e0 votre mairie du lieu des travaux (t\u00e9l\u00e9charger le CERFA <a href=\"https:\/\/www.service-public.fr\/particuliers\/vosdroits\/F17578\">ici<\/a>)<\/p>\n<h4>PERMIS DE CONSTRUIRE (PC)<\/h4>\n<p>Pour des travaux de construction de grande ampleur (construction d&rsquo;une maison individuelle, extension, construction d&rsquo;un abris de jardin, un permis de construire doit-\u00eatre d\u00e9poser \u00e0 la mairie du lieu des travaux (t\u00e9l\u00e9charger le CERFA <a href=\"https:\/\/www.service-public.fr\/particuliers\/vosdroits\/F1986\">ici<\/a>)<\/p>\n<\/div>\n<div id=\"u24942-6\" class=\"clearfix colelem\" data-muse-uid=\"U24942\" data-muse-type=\"txt_frame\" data-ibe-flags=\"txtStyleSrc\">\n<p class=\"Txt\">Pour plus d&rsquo;informations, vous pouvez vous adresser au service Urbanisme de la Mairie.<\/p>\n<\/div>\n<\/div>\n<\/div>\n<\/div>\n<\/div>\n","protected":false},"excerpt":{"rendered":"<p>PI\u00c8CES D&rsquo;IDENTIT\u00c9 CARTE NATIONALE D&rsquo;IDENTIT\u00c9 S\u00c9CURIS\u00c9E O\u00f9 : Mairie de Provins Prendre rendez-vous aupr\u00e8s du service \u00e9tat civil au 01.64.60.38.21 Copie recto\/verso de la carte d\u2019identit\u00e9 2 photos d\u2019identit\u00e9 couleur fond clair non d\u00e9coup\u00e9es Copie d\u2019un justificatif de domicile de moins de 3 mois avec nom et pr\u00e9nom Si la carte est p\u00e9rim\u00e9e ou perdue [&hellip;]<\/p>\n","protected":false},"author":1,"featured_media":0,"parent":0,"menu_order":0,"comment_status":"closed","ping_status":"closed","template":"","meta":{"footnotes":""},"class_list":["post-146","page","type-page","status-publish","hentry"],"yoast_head":"<!-- This site is optimized with the Yoast SEO plugin v27.3 - https:\/\/yoast.com\/product\/yoast-seo-wordpress\/ -->\n<title>D\u00e9marches administratives &#8226; Mairie de Soisy-Bouy<\/title>\n<meta name=\"description\" content=\"Site internet officiel de la mairie de Soisy-Bouy.\" \/>\n<meta name=\"robots\" content=\"index, follow, max-snippet:-1, max-image-preview:large, max-video-preview:-1\" \/>\n<link rel=\"canonical\" href=\"https:\/\/www.mairie-soisybouy.fr\/index.php\/demarches-administratives\/\" \/>\n<meta property=\"og:locale\" content=\"fr_FR\" \/>\n<meta property=\"og:type\" content=\"article\" \/>\n<meta property=\"og:title\" content=\"D\u00e9marches administratives &#8226; Mairie de Soisy-Bouy\" \/>\n<meta property=\"og:description\" content=\"Site internet officiel de la mairie de Soisy-Bouy.\" \/>\n<meta property=\"og:url\" content=\"https:\/\/www.mairie-soisybouy.fr\/index.php\/demarches-administratives\/\" \/>\n<meta property=\"og:site_name\" content=\"Mairie de Soisy-Bouy\" \/>\n<meta property=\"article:modified_time\" content=\"2019-06-26T15:24:31+00:00\" \/>\n<meta name=\"twitter:card\" content=\"summary_large_image\" \/>\n<meta name=\"twitter:label1\" content=\"Dur\u00e9e de lecture estim\u00e9e\" \/>\n\t<meta name=\"twitter:data1\" content=\"8 minutes\" \/>\n<script type=\"application\/ld+json\" class=\"yoast-schema-graph\">{\"@context\":\"https:\\\/\\\/schema.org\",\"@graph\":[{\"@type\":\"WebPage\",\"@id\":\"https:\\\/\\\/www.mairie-soisybouy.fr\\\/index.php\\\/demarches-administratives\\\/\",\"url\":\"https:\\\/\\\/www.mairie-soisybouy.fr\\\/index.php\\\/demarches-administratives\\\/\",\"name\":\"D\u00e9marches administratives &#8226; Mairie de Soisy-Bouy\",\"isPartOf\":{\"@id\":\"https:\\\/\\\/www.mairie-soisybouy.fr\\\/#website\"},\"datePublished\":\"2019-05-27T14:39:25+00:00\",\"dateModified\":\"2019-06-26T15:24:31+00:00\",\"description\":\"Site internet officiel de la mairie de Soisy-Bouy.\",\"breadcrumb\":{\"@id\":\"https:\\\/\\\/www.mairie-soisybouy.fr\\\/index.php\\\/demarches-administratives\\\/#breadcrumb\"},\"inLanguage\":\"fr-FR\",\"potentialAction\":[{\"@type\":\"ReadAction\",\"target\":[\"https:\\\/\\\/www.mairie-soisybouy.fr\\\/index.php\\\/demarches-administratives\\\/\"]}]},{\"@type\":\"BreadcrumbList\",\"@id\":\"https:\\\/\\\/www.mairie-soisybouy.fr\\\/index.php\\\/demarches-administratives\\\/#breadcrumb\",\"itemListElement\":[{\"@type\":\"ListItem\",\"position\":1,\"name\":\"Accueil\",\"item\":\"https:\\\/\\\/www.mairie-soisybouy.fr\\\/\"},{\"@type\":\"ListItem\",\"position\":2,\"name\":\"D\u00e9marches administratives\"}]},{\"@type\":\"WebSite\",\"@id\":\"https:\\\/\\\/www.mairie-soisybouy.fr\\\/#website\",\"url\":\"https:\\\/\\\/www.mairie-soisybouy.fr\\\/\",\"name\":\"Mairie de Soisy-Bouy\",\"description\":\"\",\"publisher\":{\"@id\":\"https:\\\/\\\/www.mairie-soisybouy.fr\\\/#organization\"},\"potentialAction\":[{\"@type\":\"SearchAction\",\"target\":{\"@type\":\"EntryPoint\",\"urlTemplate\":\"https:\\\/\\\/www.mairie-soisybouy.fr\\\/?s={search_term_string}\"},\"query-input\":{\"@type\":\"PropertyValueSpecification\",\"valueRequired\":true,\"valueName\":\"search_term_string\"}}],\"inLanguage\":\"fr-FR\"},{\"@type\":\"Organization\",\"@id\":\"https:\\\/\\\/www.mairie-soisybouy.fr\\\/#organization\",\"name\":\"Mairie de Soisy-Bouy\",\"url\":\"https:\\\/\\\/www.mairie-soisybouy.fr\\\/\",\"logo\":{\"@type\":\"ImageObject\",\"inLanguage\":\"fr-FR\",\"@id\":\"https:\\\/\\\/www.mairie-soisybouy.fr\\\/#\\\/schema\\\/logo\\\/image\\\/\",\"url\":\"https:\\\/\\\/www.mairie-soisybouy.fr\\\/wp-content\\\/uploads\\\/2019\\\/05\\\/logomodif.png\",\"contentUrl\":\"https:\\\/\\\/www.mairie-soisybouy.fr\\\/wp-content\\\/uploads\\\/2019\\\/05\\\/logomodif.png\",\"width\":347,\"height\":392,\"caption\":\"Mairie de Soisy-Bouy\"},\"image\":{\"@id\":\"https:\\\/\\\/www.mairie-soisybouy.fr\\\/#\\\/schema\\\/logo\\\/image\\\/\"}}]}<\/script>\n<!-- \/ Yoast SEO plugin. -->","yoast_head_json":{"title":"D\u00e9marches administratives &#8226; Mairie de Soisy-Bouy","description":"Site internet officiel de la mairie de Soisy-Bouy.","robots":{"index":"index","follow":"follow","max-snippet":"max-snippet:-1","max-image-preview":"max-image-preview:large","max-video-preview":"max-video-preview:-1"},"canonical":"https:\/\/www.mairie-soisybouy.fr\/index.php\/demarches-administratives\/","og_locale":"fr_FR","og_type":"article","og_title":"D\u00e9marches administratives &#8226; Mairie de Soisy-Bouy","og_description":"Site internet officiel de la mairie de Soisy-Bouy.","og_url":"https:\/\/www.mairie-soisybouy.fr\/index.php\/demarches-administratives\/","og_site_name":"Mairie de Soisy-Bouy","article_modified_time":"2019-06-26T15:24:31+00:00","twitter_card":"summary_large_image","twitter_misc":{"Dur\u00e9e de lecture estim\u00e9e":"8 minutes"},"schema":{"@context":"https:\/\/schema.org","@graph":[{"@type":"WebPage","@id":"https:\/\/www.mairie-soisybouy.fr\/index.php\/demarches-administratives\/","url":"https:\/\/www.mairie-soisybouy.fr\/index.php\/demarches-administratives\/","name":"D\u00e9marches administratives &#8226; Mairie de Soisy-Bouy","isPartOf":{"@id":"https:\/\/www.mairie-soisybouy.fr\/#website"},"datePublished":"2019-05-27T14:39:25+00:00","dateModified":"2019-06-26T15:24:31+00:00","description":"Site internet officiel de la mairie de Soisy-Bouy.","breadcrumb":{"@id":"https:\/\/www.mairie-soisybouy.fr\/index.php\/demarches-administratives\/#breadcrumb"},"inLanguage":"fr-FR","potentialAction":[{"@type":"ReadAction","target":["https:\/\/www.mairie-soisybouy.fr\/index.php\/demarches-administratives\/"]}]},{"@type":"BreadcrumbList","@id":"https:\/\/www.mairie-soisybouy.fr\/index.php\/demarches-administratives\/#breadcrumb","itemListElement":[{"@type":"ListItem","position":1,"name":"Accueil","item":"https:\/\/www.mairie-soisybouy.fr\/"},{"@type":"ListItem","position":2,"name":"D\u00e9marches administratives"}]},{"@type":"WebSite","@id":"https:\/\/www.mairie-soisybouy.fr\/#website","url":"https:\/\/www.mairie-soisybouy.fr\/","name":"Mairie de Soisy-Bouy","description":"","publisher":{"@id":"https:\/\/www.mairie-soisybouy.fr\/#organization"},"potentialAction":[{"@type":"SearchAction","target":{"@type":"EntryPoint","urlTemplate":"https:\/\/www.mairie-soisybouy.fr\/?s={search_term_string}"},"query-input":{"@type":"PropertyValueSpecification","valueRequired":true,"valueName":"search_term_string"}}],"inLanguage":"fr-FR"},{"@type":"Organization","@id":"https:\/\/www.mairie-soisybouy.fr\/#organization","name":"Mairie de Soisy-Bouy","url":"https:\/\/www.mairie-soisybouy.fr\/","logo":{"@type":"ImageObject","inLanguage":"fr-FR","@id":"https:\/\/www.mairie-soisybouy.fr\/#\/schema\/logo\/image\/","url":"https:\/\/www.mairie-soisybouy.fr\/wp-content\/uploads\/2019\/05\/logomodif.png","contentUrl":"https:\/\/www.mairie-soisybouy.fr\/wp-content\/uploads\/2019\/05\/logomodif.png","width":347,"height":392,"caption":"Mairie de Soisy-Bouy"},"image":{"@id":"https:\/\/www.mairie-soisybouy.fr\/#\/schema\/logo\/image\/"}}]}},"_links":{"self":[{"href":"https:\/\/www.mairie-soisybouy.fr\/index.php\/wp-json\/wp\/v2\/pages\/146","targetHints":{"allow":["GET"]}}],"collection":[{"href":"https:\/\/www.mairie-soisybouy.fr\/index.php\/wp-json\/wp\/v2\/pages"}],"about":[{"href":"https:\/\/www.mairie-soisybouy.fr\/index.php\/wp-json\/wp\/v2\/types\/page"}],"author":[{"embeddable":true,"href":"https:\/\/www.mairie-soisybouy.fr\/index.php\/wp-json\/wp\/v2\/users\/1"}],"replies":[{"embeddable":true,"href":"https:\/\/www.mairie-soisybouy.fr\/index.php\/wp-json\/wp\/v2\/comments?post=146"}],"version-history":[{"count":10,"href":"https:\/\/www.mairie-soisybouy.fr\/index.php\/wp-json\/wp\/v2\/pages\/146\/revisions"}],"predecessor-version":[{"id":1148,"href":"https:\/\/www.mairie-soisybouy.fr\/index.php\/wp-json\/wp\/v2\/pages\/146\/revisions\/1148"}],"wp:attachment":[{"href":"https:\/\/www.mairie-soisybouy.fr\/index.php\/wp-json\/wp\/v2\/media?parent=146"}],"curies":[{"name":"wp","href":"https:\/\/api.w.org\/{rel}","templated":true}]}}